{"id":17956,"date":"2020-09-08T09:02:22","date_gmt":"2020-09-08T09:02:22","guid":{"rendered":"https:\/\/hostelsoller.com\/?page_id=17956"},"modified":"2020-09-10T07:36:06","modified_gmt":"2020-09-10T07:36:06","slug":"rutas","status":"publish","type":"page","link":"https:\/\/hostelsoller.com\/es\/rutas\/","title":{"rendered":"Rutas"},"content":{"rendered":"<p>[vc_row row_type=\u00bbrow\u00bb use_row_as_full_screen_section=\u00bbno\u00bb type=\u00bbfull_width\u00bb angled_section=\u00bbno\u00bb text_align=\u00bbleft\u00bb background_image_as_pattern=\u00bbwithout_pattern\u00bb css_animation=\u00bb\u00bb][vc_column width=\u00bb1\/3&#8243;]<div class='image_hover hovered' style='' data-transition-delay=''><div class='images_holder'><a itemprop='url' href='https:\/\/hostelsoller.com\/es\/cuber-massanella-y-lluc-gr221\/' target='_self'><img itemprop='image' class='active_image ' src='https:\/\/hostelsoller.com\/wp-content\/uploads\/2020\/09\/ruta-cuber.jpg' alt='' style='' \/><img itemprop='image' class='hover_image' src='https:\/\/hostelsoller.com\/wp-content\/uploads\/2020\/09\/ruta-cuber-2-ok.jpg' alt='' style='' \/><\/a><\/div><\/div>[vc_empty_space height=\u00bb10px\u00bb][vc_column_text]<\/p>\n<p style=\"text-align: center;\"><em><strong>S\u00f3ller &#8211; Cuber &#8211; Massanella &#8211; Lluc Gr221<\/strong><\/em><\/p>\n<p>[\/vc_column_text][\/vc_column][vc_column width=\u00bb1\/3&#8243;]<div class='image_hover hovered' style='' data-transition-delay=''><div class='images_holder'><a itemprop='url' href='https:\/\/hostelsoller.com\/es\/cuber-rufugi-tossals-verds-cuber\/' target='_self'><img itemprop='image' class='active_image ' src='https:\/\/hostelsoller.com\/wp-content\/uploads\/2020\/09\/ruta-tossals.jpg' alt='' style='' \/><img itemprop='image' class='hover_image' src='https:\/\/hostelsoller.com\/wp-content\/uploads\/2020\/09\/ruta-tossals-2.jpg' alt='' style='' \/><\/a><\/div><\/div>[vc_empty_space height=\u00bb10px\u00bb][vc_column_text]<\/p>\n<p style=\"text-align: center;\"><em><strong>S\u00f3ller &#8211; C\u00faber &#8211; Refugi Tossals Verds &#8211; C\u00faber<\/strong><\/em><\/p>\n<p>[\/vc_column_text][\/vc_column][vc_column width=\u00bb1\/3&#8243;]<div class='image_hover hovered' style='' data-transition-delay=''><div class='images_holder'><a itemprop='url' href='https:\/\/hostelsoller.com\/es\/de-soller-al-refugi-des-tossals-verds' target='_self'><img itemprop='image' class='active_image ' src='https:\/\/hostelsoller.com\/wp-content\/uploads\/2020\/09\/ruta-refugio-tossals.jpg' alt='' style='' \/><img itemprop='image' class='hover_image' src='https:\/\/hostelsoller.com\/wp-content\/uploads\/2020\/09\/ruta-refugio-tossals-2.jpg' alt='' style='' \/><\/a><\/div><\/div>[vc_empty_space height=\u00bb10px\u00bb][vc_column_text]<\/p>\n<p style=\"text-align: center;\"><em><strong>S\u00f3ller &#8211; Refugi des Tossals Verds &#8211; Etapa GR221<\/strong><\/em><\/p>\n<p>[\/vc_column_text][\/vc_column][\/vc_row][vc_row row_type=\u00bbrow\u00bb use_row_as_full_screen_section=\u00bbno\u00bb type=\u00bbfull_width\u00bb angled_section=\u00bbno\u00bb text_align=\u00bbleft\u00bb background_image_as_pattern=\u00bbwithout_pattern\u00bb css_animation=\u00bb\u00bb][vc_column][vc_empty_space height=\u00bb20px\u00bb][\/vc_column][\/vc_row][vc_row row_type=\u00bbrow\u00bb use_row_as_full_screen_section=\u00bbno\u00bb type=\u00bbfull_width\u00bb angled_section=\u00bbno\u00bb text_align=\u00bbleft\u00bb background_image_as_pattern=\u00bbwithout_pattern\u00bb css_animation=\u00bb\u00bb][vc_column width=\u00bb1\/3&#8243;]<div class='image_hover hovered' style='' data-transition-delay=''><div class='images_holder'><a itemprop='url' href='https:\/\/hostelsoller.com\/es\/soller-deia-por-la-costa-y-vuelta-por-gr221-a-soller\/' target='_self'><img itemprop='image' class='active_image ' src='https:\/\/hostelsoller.com\/wp-content\/uploads\/2020\/09\/deia-1.jpg' alt='' style='' \/><img itemprop='image' class='hover_image' src='https:\/\/hostelsoller.com\/wp-content\/uploads\/2020\/09\/deia-2.jpg' alt='' style='' \/><\/a><\/div><\/div>[vc_empty_space height=\u00bb10px\u00bb][vc_column_text]<\/p>\n<p style=\"text-align: center;\"><em>S\u00f3ller &#8211; Dei\u00e0 por la costa &#8211; vuelta por GR221 &#8211; S\u00f3ller<\/em><\/p>\n<p>[\/vc_column_text][\/vc_column][vc_column width=\u00bb1\/3&#8243;]<div class='image_hover hovered' style='' data-transition-delay=''><div class='images_holder'><a itemprop='url' href='https:\/\/hostelsoller.com\/es\/paseo-por-soller\/' target='_self'><img itemprop='image' class='active_image ' src='https:\/\/hostelsoller.com\/wp-content\/uploads\/2020\/09\/paseo-soller.jpg' alt='' style='' \/><img itemprop='image' class='hover_image' src='https:\/\/hostelsoller.com\/wp-content\/uploads\/2020\/09\/paseo-soller2.jpg' alt='' style='' \/><\/a><\/div><\/div>[vc_empty_space height=\u00bb10px\u00bb][vc_column_text]<\/p>\n<p style=\"text-align: center;\"><em>Paseo por S\u00f3ller<\/em><\/p>\n<p>[\/vc_column_text][\/vc_column][vc_column width=\u00bb1\/3&#8243;]<div class='image_hover hovered' style='' data-transition-delay=''><div class='images_holder'><a itemprop='url' href='https:\/\/hostelsoller.com\/es\/fornalutx-binaraix\/' target='_self'><img itemprop='image' class='active_image ' src='https:\/\/hostelsoller.com\/wp-content\/uploads\/2020\/09\/fornalutx-1.jpg' alt='' style='' \/><img itemprop='image' class='hover_image' src='https:\/\/hostelsoller.com\/wp-content\/uploads\/2020\/09\/fornalutx-2.jpg' alt='' style='' \/><\/a><\/div><\/div>[vc_empty_space height=\u00bb10px\u00bb][vc_column_text]<\/p>\n<p style=\"text-align: center;\"><em>Paseo a Fornalutx y vuelta por Biniaraix<\/em><\/p>\n<p>[\/vc_column_text][\/vc_column][\/vc_row][vc_row row_type=\u00bbrow\u00bb use_row_as_full_screen_section=\u00bbno\u00bb type=\u00bbfull_width\u00bb angled_section=\u00bbno\u00bb text_align=\u00bbleft\u00bb background_image_as_pattern=\u00bbwithout_pattern\u00bb css_animation=\u00bb\u00bb][vc_column][vc_empty_space height=\u00bb20px\u00bb][\/vc_column][\/vc_row][vc_row row_type=\u00bbrow\u00bb use_row_as_full_screen_section=\u00bbno\u00bb type=\u00bbfull_width\u00bb angled_section=\u00bbno\u00bb text_align=\u00bbleft\u00bb background_image_as_pattern=\u00bbwithout_pattern\u00bb css_animation=\u00bb\u00bb][vc_column width=\u00bb1\/3&#8243;]<div class='image_hover hovered' style='' data-transition-delay=''><div class='images_holder'><a itemprop='url' href='https:\/\/hostelsoller.com\/es\/soller-barranc-de-biniaraix-cornador-gran-finca-privada-sarrom-y-vuelta-a-soller\/' target='_self'><img itemprop='image' class='active_image ' src='https:\/\/hostelsoller.com\/wp-content\/uploads\/2020\/09\/barranc-binaraix-1.jpg' alt='' style='' \/><img itemprop='image' class='hover_image' src='https:\/\/hostelsoller.com\/wp-content\/uploads\/2020\/09\/barranc-binaraix-2.jpg' alt='' style='' \/><\/a><\/div><\/div>[vc_empty_space height=\u00bb10px\u00bb][vc_column_text]<\/p>\n<p style=\"text-align: center;\"><em>S\u00f3ller &#8211; Biniaraix &#8211; Cornador Gran &#8211; Finca s\u2019Arrom<br \/>\n<\/em><\/p>\n<p>[\/vc_column_text][\/vc_column][vc_column width=\u00bb1\/3&#8243;]<div class='image_hover hovered' style='' data-transition-delay=''><div class='images_holder'><a itemprop='url' href='https:\/\/hostelsoller.com\/es\/de-soller-al-puerto-de-soller\/' target='_self'><img itemprop='image' class='active_image ' src='https:\/\/hostelsoller.com\/wp-content\/uploads\/2020\/09\/puerto-soller-1.jpg' alt='' style='' \/><img itemprop='image' class='hover_image' src='https:\/\/hostelsoller.com\/wp-content\/uploads\/2020\/09\/puerto-soller-2.jpg' alt='' style='' \/><\/a><\/div><\/div>[vc_empty_space height=\u00bb10px\u00bb][vc_column_text]<\/p>\n<p style=\"text-align: center;\"><em>De S\u00f3ller al Puerto de S\u00f3ller<\/em><\/p>\n<p>[\/vc_column_text][\/vc_column][vc_column width=\u00bb1\/3&#8243;]<div class='image_hover hovered' style='' data-transition-delay=''><div class='images_holder'><a itemprop='url' href='https:\/\/hostelsoller.com\/es\/vuelta-al-cami-vell-des-barranc\/' target='_self'><img itemprop='image' class='active_image ' src='https:\/\/hostelsoller.com\/wp-content\/uploads\/2020\/09\/camino-binaraix-1.jpg' alt='' style='' \/><img itemprop='image' class='hover_image' src='https:\/\/hostelsoller.com\/wp-content\/uploads\/2020\/09\/camino-binaraix-2.jpg' alt='' style='' \/><\/a><\/div><\/div>[vc_empty_space height=\u00bb10px\u00bb][vc_column_text]<\/p>\n<p style=\"text-align: center;\"><em>Vuelta al cam\u00ed Vell des Barranc<\/em><\/p>\n<p>[\/vc_column_text][\/vc_column][\/vc_row][vc_row row_type=\u00bbrow\u00bb use_row_as_full_screen_section=\u00bbno\u00bb type=\u00bbfull_width\u00bb angled_section=\u00bbno\u00bb text_align=\u00bbleft\u00bb background_image_as_pattern=\u00bbwithout_pattern\u00bb css_animation=\u00bb\u00bb][vc_column][vc_empty_space height=\u00bb35px\u00bb][\/vc_column][\/vc_row]<\/p>\n","protected":false},"excerpt":{"rendered":"<p>[vc_row row_type=\u00bbrow\u00bb use_row_as_full_screen_section=\u00bbno\u00bb type=\u00bbfull_width\u00bb angled_section=\u00bbno\u00bb text_align=\u00bbleft\u00bb background_image_as_pattern=\u00bbwithout_pattern\u00bb css_animation=\u00bb\u00bb][vc_column width=\u00bb1\/3&#8243;][vc_empty_space height=\u00bb10px\u00bb][vc_column_text] S\u00f3ller &#8211; Cuber &#8211; Massanella &#8211; Lluc Gr221 [\/vc_column_text][\/vc_column][vc_column width=\u00bb1\/3&#8243;][vc_empty_space height=\u00bb10px\u00bb][vc_column_text] S\u00f3ller &#8211; C\u00faber &#8211; Refugi Tossals Verds &#8211; C\u00faber [\/vc_column_text][\/vc_column][vc_column width=\u00bb1\/3&#8243;][vc_empty_space height=\u00bb10px\u00bb][vc_column_text] S\u00f3ller &#8211; Refugi des Tossals Verds &#8211; Etapa GR221 [\/vc_column_text][\/vc_column][\/vc_row][vc_row row_type=\u00bbrow\u00bb use_row_as_full_screen_section=\u00bbno\u00bb&#8230;<\/p>\n","protected":false},"author":3,"featured_media":0,"parent":0,"menu_order":0,"comment_status":"closed","ping_status":"closed","template":"","meta":{"footnotes":""},"class_list":["post-17956","page","type-page","status-publish","hentry"],"yoast_head":"<!-- This site is optimized with the Yoast SEO plugin v27.5 - https:\/\/yoast.com\/product\/yoast-seo-wordpress\/ -->\n<title>Rutas - Hostel S\u00f3ller<\/title>\n<meta name=\"robots\" content=\"index, follow, max-snippet:-1, max-image-preview:large, max-video-preview:-1\" \/>\n<link rel=\"canonical\" href=\"https:\/\/hostelsoller.com\/es\/rutas\/\" \/>\n<meta property=\"og:locale\" content=\"es_ES\" \/>\n<meta property=\"og:type\" content=\"article\" \/>\n<meta property=\"og:title\" content=\"Rutas - Hostel S\u00f3ller\" \/>\n<meta property=\"og:description\" content=\"[vc_row row_type=\u00bbrow\u00bb use_row_as_full_screen_section=\u00bbno\u00bb type=\u00bbfull_width\u00bb angled_section=\u00bbno\u00bb text_align=\u00bbleft\u00bb background_image_as_pattern=\u00bbwithout_pattern\u00bb css_animation=\u00bb\u00bb][vc_column width=\u00bb1\/3&#8243;][vc_empty_space height=\u00bb10px\u00bb][vc_column_text] S\u00f3ller &#8211; Cuber &#8211; Massanella &#8211; Lluc Gr221 [\/vc_column_text][\/vc_column][vc_column width=\u00bb1\/3&#8243;][vc_empty_space height=\u00bb10px\u00bb][vc_column_text] S\u00f3ller &#8211; C\u00faber &#8211; Refugi Tossals Verds &#8211; C\u00faber [\/vc_column_text][\/vc_column][vc_column width=\u00bb1\/3&#8243;][vc_empty_space height=\u00bb10px\u00bb][vc_column_text] S\u00f3ller &#8211; Refugi des Tossals Verds &#8211; Etapa GR221 [\/vc_column_text][\/vc_column][\/vc_row][vc_row row_type=\u00bbrow\u00bb use_row_as_full_screen_section=\u00bbno\u00bb...\" \/>\n<meta property=\"og:url\" content=\"https:\/\/hostelsoller.com\/es\/rutas\/\" \/>\n<meta property=\"og:site_name\" content=\"Hostel S\u00f3ller\" \/>\n<meta property=\"article:publisher\" content=\"https:\/\/www.facebook.com\/hostelsoller\/\" \/>\n<meta property=\"article:modified_time\" content=\"2020-09-10T07:36:06+00:00\" \/>\n<meta property=\"og:image\" content=\"https:\/\/hostelsoller.com\/wp-content\/uploads\/2026\/02\/logo-HS-SEO.jpg\" \/>\n\t<meta property=\"og:image:width\" content=\"1200\" \/>\n\t<meta property=\"og:image:height\" content=\"675\" \/>\n\t<meta property=\"og:image:type\" content=\"image\/jpeg\" \/>\n<meta name=\"twitter:card\" content=\"summary_large_image\" \/>\n<meta name=\"twitter:label1\" content=\"Tiempo de lectura\" \/>\n\t<meta name=\"twitter:data1\" content=\"3 minutos\" \/>\n<script type=\"application\/ld+json\" class=\"yoast-schema-graph\">{\"@context\":\"https:\\\/\\\/schema.org\",\"@graph\":[{\"@type\":\"WebPage\",\"@id\":\"https:\\\/\\\/hostelsoller.com\\\/es\\\/rutas\\\/\",\"url\":\"https:\\\/\\\/hostelsoller.com\\\/es\\\/rutas\\\/\",\"name\":\"Rutas - Hostel S\u00f3ller\",\"isPartOf\":{\"@id\":\"https:\\\/\\\/hostelsoller.com\\\/es\\\/#website\"},\"datePublished\":\"2020-09-08T09:02:22+00:00\",\"dateModified\":\"2020-09-10T07:36:06+00:00\",\"breadcrumb\":{\"@id\":\"https:\\\/\\\/hostelsoller.com\\\/es\\\/rutas\\\/#breadcrumb\"},\"inLanguage\":\"es\",\"potentialAction\":[{\"@type\":\"ReadAction\",\"target\":[\"https:\\\/\\\/hostelsoller.com\\\/es\\\/rutas\\\/\"]}]},{\"@type\":\"BreadcrumbList\",\"@id\":\"https:\\\/\\\/hostelsoller.com\\\/es\\\/rutas\\\/#breadcrumb\",\"itemListElement\":[{\"@type\":\"ListItem\",\"position\":1,\"name\":\"Home\",\"item\":\"https:\\\/\\\/hostelsoller.com\\\/es\\\/\"},{\"@type\":\"ListItem\",\"position\":2,\"name\":\"Rutas\"}]},{\"@type\":\"WebSite\",\"@id\":\"https:\\\/\\\/hostelsoller.com\\\/es\\\/#website\",\"url\":\"https:\\\/\\\/hostelsoller.com\\\/es\\\/\",\"name\":\"Hostel S\u00f3ller\",\"description\":\"Hostel en S\u00f3ller, Mallorca, ideal para senderismo, ciclismo y vacaciones activas en la Serra de Tramuntana.\",\"publisher\":{\"@id\":\"https:\\\/\\\/hostelsoller.com\\\/es\\\/#organization\"},\"potentialAction\":[{\"@type\":\"SearchAction\",\"target\":{\"@type\":\"EntryPoint\",\"urlTemplate\":\"https:\\\/\\\/hostelsoller.com\\\/es\\\/?s={search_term_string}\"},\"query-input\":{\"@type\":\"PropertyValueSpecification\",\"valueRequired\":true,\"valueName\":\"search_term_string\"}}],\"inLanguage\":\"es\"},{\"@type\":\"Organization\",\"@id\":\"https:\\\/\\\/hostelsoller.com\\\/es\\\/#organization\",\"name\":\"HOSTEL S\u00d3LLER - Alberg Juvenil\",\"url\":\"https:\\\/\\\/hostelsoller.com\\\/es\\\/\",\"logo\":{\"@type\":\"ImageObject\",\"inLanguage\":\"es\",\"@id\":\"https:\\\/\\\/hostelsoller.com\\\/es\\\/#\\\/schema\\\/logo\\\/image\\\/\",\"url\":\"https:\\\/\\\/hostelsoller.com\\\/wp-content\\\/uploads\\\/2026\\\/02\\\/cropped-logo-HS-Ok.png\",\"contentUrl\":\"https:\\\/\\\/hostelsoller.com\\\/wp-content\\\/uploads\\\/2026\\\/02\\\/cropped-logo-HS-Ok.png\",\"width\":512,\"height\":512,\"caption\":\"HOSTEL S\u00d3LLER - Alberg Juvenil\"},\"image\":{\"@id\":\"https:\\\/\\\/hostelsoller.com\\\/es\\\/#\\\/schema\\\/logo\\\/image\\\/\"},\"sameAs\":[\"https:\\\/\\\/www.facebook.com\\\/hostelsoller\\\/\",\"https:\\\/\\\/www.instagram.com\\\/hostelsoller\\\/\"]}]}<\/script>\n<!-- \/ Yoast SEO plugin. -->","yoast_head_json":{"title":"Rutas - Hostel S\u00f3ller","robots":{"index":"index","follow":"follow","max-snippet":"max-snippet:-1","max-image-preview":"max-image-preview:large","max-video-preview":"max-video-preview:-1"},"canonical":"https:\/\/hostelsoller.com\/es\/rutas\/","og_locale":"es_ES","og_type":"article","og_title":"Rutas - Hostel S\u00f3ller","og_description":"[vc_row row_type=\u00bbrow\u00bb use_row_as_full_screen_section=\u00bbno\u00bb type=\u00bbfull_width\u00bb angled_section=\u00bbno\u00bb text_align=\u00bbleft\u00bb background_image_as_pattern=\u00bbwithout_pattern\u00bb css_animation=\u00bb\u00bb][vc_column width=\u00bb1\/3&#8243;][vc_empty_space height=\u00bb10px\u00bb][vc_column_text] S\u00f3ller &#8211; Cuber &#8211; Massanella &#8211; Lluc Gr221 [\/vc_column_text][\/vc_column][vc_column width=\u00bb1\/3&#8243;][vc_empty_space height=\u00bb10px\u00bb][vc_column_text] S\u00f3ller &#8211; C\u00faber &#8211; Refugi Tossals Verds &#8211; C\u00faber [\/vc_column_text][\/vc_column][vc_column width=\u00bb1\/3&#8243;][vc_empty_space height=\u00bb10px\u00bb][vc_column_text] S\u00f3ller &#8211; Refugi des Tossals Verds &#8211; Etapa GR221 [\/vc_column_text][\/vc_column][\/vc_row][vc_row row_type=\u00bbrow\u00bb use_row_as_full_screen_section=\u00bbno\u00bb...","og_url":"https:\/\/hostelsoller.com\/es\/rutas\/","og_site_name":"Hostel S\u00f3ller","article_publisher":"https:\/\/www.facebook.com\/hostelsoller\/","article_modified_time":"2020-09-10T07:36:06+00:00","og_image":[{"width":1200,"height":675,"url":"https:\/\/hostelsoller.com\/wp-content\/uploads\/2026\/02\/logo-HS-SEO.jpg","type":"image\/jpeg"}],"twitter_card":"summary_large_image","twitter_misc":{"Tiempo de lectura":"3 minutos"},"schema":{"@context":"https:\/\/schema.org","@graph":[{"@type":"WebPage","@id":"https:\/\/hostelsoller.com\/es\/rutas\/","url":"https:\/\/hostelsoller.com\/es\/rutas\/","name":"Rutas - Hostel S\u00f3ller","isPartOf":{"@id":"https:\/\/hostelsoller.com\/es\/#website"},"datePublished":"2020-09-08T09:02:22+00:00","dateModified":"2020-09-10T07:36:06+00:00","breadcrumb":{"@id":"https:\/\/hostelsoller.com\/es\/rutas\/#breadcrumb"},"inLanguage":"es","potentialAction":[{"@type":"ReadAction","target":["https:\/\/hostelsoller.com\/es\/rutas\/"]}]},{"@type":"BreadcrumbList","@id":"https:\/\/hostelsoller.com\/es\/rutas\/#breadcrumb","itemListElement":[{"@type":"ListItem","position":1,"name":"Home","item":"https:\/\/hostelsoller.com\/es\/"},{"@type":"ListItem","position":2,"name":"Rutas"}]},{"@type":"WebSite","@id":"https:\/\/hostelsoller.com\/es\/#website","url":"https:\/\/hostelsoller.com\/es\/","name":"Hostel S\u00f3ller","description":"Hostel en S\u00f3ller, Mallorca, ideal para senderismo, ciclismo y vacaciones activas en la Serra de Tramuntana.","publisher":{"@id":"https:\/\/hostelsoller.com\/es\/#organization"},"potentialAction":[{"@type":"SearchAction","target":{"@type":"EntryPoint","urlTemplate":"https:\/\/hostelsoller.com\/es\/?s={search_term_string}"},"query-input":{"@type":"PropertyValueSpecification","valueRequired":true,"valueName":"search_term_string"}}],"inLanguage":"es"},{"@type":"Organization","@id":"https:\/\/hostelsoller.com\/es\/#organization","name":"HOSTEL S\u00d3LLER - Alberg Juvenil","url":"https:\/\/hostelsoller.com\/es\/","logo":{"@type":"ImageObject","inLanguage":"es","@id":"https:\/\/hostelsoller.com\/es\/#\/schema\/logo\/image\/","url":"https:\/\/hostelsoller.com\/wp-content\/uploads\/2026\/02\/cropped-logo-HS-Ok.png","contentUrl":"https:\/\/hostelsoller.com\/wp-content\/uploads\/2026\/02\/cropped-logo-HS-Ok.png","width":512,"height":512,"caption":"HOSTEL S\u00d3LLER - Alberg Juvenil"},"image":{"@id":"https:\/\/hostelsoller.com\/es\/#\/schema\/logo\/image\/"},"sameAs":["https:\/\/www.facebook.com\/hostelsoller\/","https:\/\/www.instagram.com\/hostelsoller\/"]}]}},"_links":{"self":[{"href":"https:\/\/hostelsoller.com\/es\/wp-json\/wp\/v2\/pages\/17956","targetHints":{"allow":["GET"]}}],"collection":[{"href":"https:\/\/hostelsoller.com\/es\/wp-json\/wp\/v2\/pages"}],"about":[{"href":"https:\/\/hostelsoller.com\/es\/wp-json\/wp\/v2\/types\/page"}],"author":[{"embeddable":true,"href":"https:\/\/hostelsoller.com\/es\/wp-json\/wp\/v2\/users\/3"}],"replies":[{"embeddable":true,"href":"https:\/\/hostelsoller.com\/es\/wp-json\/wp\/v2\/comments?post=17956"}],"version-history":[{"count":16,"href":"https:\/\/hostelsoller.com\/es\/wp-json\/wp\/v2\/pages\/17956\/revisions"}],"predecessor-version":[{"id":18155,"href":"https:\/\/hostelsoller.com\/es\/wp-json\/wp\/v2\/pages\/17956\/revisions\/18155"}],"wp:attachment":[{"href":"https:\/\/hostelsoller.com\/es\/wp-json\/wp\/v2\/media?parent=17956"}],"curies":[{"name":"wp","href":"https:\/\/api.w.org\/{rel}","templated":true}]}}